{"id":18,"date":"2019-12-13T22:19:07","date_gmt":"2019-12-13T22:19:07","guid":{"rendered":"http:\/\/iaido-muenchen.de\/?page_id=18"},"modified":"2025-10-09T14:06:56","modified_gmt":"2025-10-09T13:06:56","slug":"training","status":"publish","type":"page","link":"https:\/\/iaido-muenchen.de\/?page_id=18","title":{"rendered":"Training"},"content":{"rendered":"\n<p>Unser Training findet in unterschiedlichen Turnhallen\/Dojos im M\u00fcnchner Stadtgebiet statt.<\/p>\n\n\n\n<h2 class=\"wp-block-heading\">Trainingszeiten<\/h2>\n\n\n\n<figure class=\"wp-block-table is-style-stripes\"><table><tbody><tr><th>Tag<\/th><th>Uhrzeit<\/th><th>Leitung<\/th><th>Ort<\/th><\/tr><tr><td>Dienstag<\/td><td>19.00 &#8211; 20.30 Uhr<\/td><td>Michael Ibers<br>5. Dan Iaido ZNKR (u. 6. Dan Aikido AIKIKAI)<\/td><td>Grundschule Weilerstr. 1&nbsp;<br>81541 M\u00fcnchen Au&nbsp;<br>(Eingang Regerstr.)Halle im EG<br><a rel=\"noreferrer noopener\" href=\"https:\/\/web.archive.org\/web\/20160316231340\/http:\/\/maps.google.de\/maps?q=Weilerstra%C3%9Fe+1,+M%C3%BCnchen&amp;hl=de&amp;ie=UTF8&amp;sll=48.15753,11.55799&amp;sspn=0.008159,0.019162&amp;oq=weilerstra%C3%9Fe+1,+M%C3%BCnchen&amp;hnear=Weilerstra%C3%9Fe+1,+81541+M%C3%BCnchen,+Oberbayern,+Bayern&amp;t=m&amp;z=16\" target=\"_blank\">Google-Maps<\/a><\/td><\/tr><tr><td>Mittwoch<\/td><td>7.00 &#8211; 8.00 Uhr<\/td><td>Michael Ibers<br>5. Dan Iaido ZNKR (u. 6. Dan Aikido AIKIKAI)<\/td><td>KenBuKai-Dojo<br>Kathi-Kobus-Stra\u00dfe 15<br>80797 M\u00fcnchen<br><a rel=\"noreferrer noopener\" href=\"https:\/\/web.archive.org\/web\/20160316231340\/https:\/\/maps.google.de\/maps?q=theo+prosel+weg+13+m%C3%BCnchen&amp;hl=de&amp;ie=UTF8&amp;ll=48.159745,11.559055&amp;spn=0.008674,0.01929&amp;sll=48.159668,11.559037&amp;sspn=0.008674,0.01929&amp;gl=de&amp;hnear=Theo-Prosel-Weg+13,+M%C3%BCnchen+80757+M%C3%BCnchen,+Bayern&amp;t=m&amp;z=16\" target=\"_blank\">GoogleMaps<\/a><\/td><\/tr><tr><td><\/td><td><\/td><td><\/td><td><\/td><\/tr><\/tbody><\/table><\/figure>\n\n\n\n<h2 class=\"wp-block-heading\">Mitmachen<\/h2>\n\n\n\n<p><strong>Teilnahme<\/strong><\/p>\n\n\n\n<p>Ausgesprochene Anf\u00e4ngerkurse gibt es bei uns nicht, aber Interessenten k\u00f6nnen gern jederzeit beim Training der Fortgeschrittenen zuschauen. <\/p>\n\n\n\n<p>Wer teilnehmen m\u00f6chte, kann nach Absprache mit dem Trainingsleiter einige kostenlose Probestunden mitmachen, bei Gefallen unserem Verein beitreten und sich in den allgemeinen \u00dcbungsablauf eingliedern.<\/p>\n\n\n\n<p>Grundlagen des Trainings sind Abschauen, Nachmachen und unerm\u00fcdliches Korrigieren unter fachlicher Anleitung.<\/p>\n\n\n\n<p><strong>Ausr\u00fcstung<\/strong><\/p>\n\n\n\n<p>Anfangs wird mit dem Holzschwert (Bokken) ge\u00fcbt. Erst sp\u00e4ter nach Beherrschung der Grundlagen ist die Anschaffung eines Iaito (originalgetreue Schwertnachbildung mit stumpfer Metallklinge aus Alu-Zink-Legierung) sinnvoll. Die Verwendung von scharfen Schwertern (geschliffene Stahlklinge) ist auf Lehrg\u00e4ngen nicht gestattet. Als Kleidung reicht zu Beginn ein einfacher Trainings- (oder Judo- \/ Karate- \/ Aikido-) Anzug. Sp\u00e4ter tr\u00e4gt man traditionell Gi (Jacke), Obi (G\u00fcrtel) und Hakama (Hosenrock).<\/p>\n\n\n\n<p><strong>Kosten<\/strong><\/p>\n\n\n\n<p>Die einmalige Aufnahmegeb\u00fchr betr\u00e4gt 25,- Euro (hierin ist die Aufnahmegeb\u00fchr f\u00fcr den Deutschen Iaido-Bund z. B. f\u00fcr den Mitgliedsausweis enthalten), der Mitgliedsbeitrag j\u00e4hrlich 85,- Euro (hierin sind die Jahresabgaben f\u00fcr den Deutschen und den Bayerischen Iaido-Bund enthalten). F\u00fcr Dojomiete (\u00dcbungsraum) f\u00e4llt zus\u00e4tzlich eine Nutzungsumlage in H\u00f6he von monatlich 30,- Euro je Teilnehmer an.<\/p>\n\n\n\n<p><\/p>\n\n\n\n<p><\/p>\n\n\n\n<h2 class=\"wp-block-heading\">Unsere Trainer<\/h2>\n\n\n\n<figure class=\"wp-block-table is-style-stripes\"><table><tbody><tr><td><strong>Michael Ibers<\/strong><br>5. Dan Iaido ZNKR<br>6. Dan Aikido AIKIKAI <\/td><td class=\"has-text-align-right\" data-align=\"right\"><img loading=\"lazy\" decoding=\"async\" width=\"150\" height=\"262\" class=\"wp-image-68\" style=\"width: 150px;\" src=\"http:\/\/iaido-muenchen.de\/wp-content\/uploads\/2019\/12\/michael_klein-scaled.jpg\" alt=\"\" srcset=\"https:\/\/iaido-muenchen.de\/wp-content\/uploads\/2019\/12\/michael_klein-scaled.jpg 1465w, https:\/\/iaido-muenchen.de\/wp-content\/uploads\/2019\/12\/michael_klein-172x300.jpg 172w, https:\/\/iaido-muenchen.de\/wp-content\/uploads\/2019\/12\/michael_klein-586x1024.jpg 586w, https:\/\/iaido-muenchen.de\/wp-content\/uploads\/2019\/12\/michael_klein-768x1342.jpg 768w, https:\/\/iaido-muenchen.de\/wp-content\/uploads\/2019\/12\/michael_klein-879x1536.jpg 879w, https:\/\/iaido-muenchen.de\/wp-content\/uploads\/2019\/12\/michael_klein-1172x2048.jpg 1172w\" sizes=\"auto, (max-width: 150px) 100vw, 150px\" \/><\/td><\/tr><\/tbody><\/table><\/figure>\n","protected":false},"excerpt":{"rendered":"<p>Unser Training findet in unterschiedlichen Turnhallen\/Dojos im M\u00fcnchner Stadtgebiet statt. Trainingszeiten Tag Uhrzeit Leitung Ort Dienstag 19.00 &#8211; 20.30 Uhr Michael Ibers5. Dan Iaido ZNKR (u. 6. Dan Aikido AIKIKAI) Grundschule Weilerstr. 1&nbsp;81541 M\u00fcnchen Au&nbsp;(Eingang Regerstr.)Halle im EGGoogle-Maps Mittwoch 7.00 &#8211; 8.00 Uhr Michael Ibers5. Dan Iaido ZNKR (u. 6. Dan Aikido AIKIKAI) KenBuKai-DojoKathi-Kobus-Stra\u00dfe 1580797<br \/><a class=\"btn btn-tislider blog-readmore\" href=\"https:\/\/iaido-muenchen.de\/?page_id=18\">Weiterlesen<\/a><\/p>\n","protected":false},"author":1,"featured_media":0,"parent":0,"menu_order":0,"comment_status":"closed","ping_status":"closed","template":"","meta":{"footnotes":""},"class_list":["post-18","page","type-page","status-publish","hentry"],"_links":{"self":[{"href":"https:\/\/iaido-muenchen.de\/index.php?rest_route=\/wp\/v2\/pages\/18","targetHints":{"allow":["GET"]}}],"collection":[{"href":"https:\/\/iaido-muenchen.de\/index.php?rest_route=\/wp\/v2\/pages"}],"about":[{"href":"https:\/\/iaido-muenchen.de\/index.php?rest_route=\/wp\/v2\/types\/page"}],"author":[{"embeddable":true,"href":"https:\/\/iaido-muenchen.de\/index.php?rest_route=\/wp\/v2\/users\/1"}],"replies":[{"embeddable":true,"href":"https:\/\/iaido-muenchen.de\/index.php?rest_route=%2Fwp%2Fv2%2Fcomments&post=18"}],"version-history":[{"count":15,"href":"https:\/\/iaido-muenchen.de\/index.php?rest_route=\/wp\/v2\/pages\/18\/revisions"}],"predecessor-version":[{"id":149,"href":"https:\/\/iaido-muenchen.de\/index.php?rest_route=\/wp\/v2\/pages\/18\/revisions\/149"}],"wp:attachment":[{"href":"https:\/\/iaido-muenchen.de\/index.php?rest_route=%2Fwp%2Fv2%2Fmedia&parent=18"}],"curies":[{"name":"wp","href":"https:\/\/api.w.org\/{rel}","templated":true}]}}